{"id":1902,"date":"2023-04-04T09:08:34","date_gmt":"2023-04-04T09:08:34","guid":{"rendered":"http:\/\/schuetzen.schierhorn-nordheide.de\/?page_id=1902"},"modified":"2023-04-04T09:08:35","modified_gmt":"2023-04-04T09:08:35","slug":"ergebnisse-anschiessen-2023","status":"publish","type":"page","link":"http:\/\/schuetzen.schierhorn-nordheide.de\/?page_id=1902","title":{"rendered":"Ergebnisse Anschie\u00dfen 2023"},"content":{"rendered":"\n<p>Der Tag begann mit der Einladung der amtierenden Damenk\u00f6nigin Birgit Henk zum gemeinsamen Mittagessen um 11:30 Uhr der Damenabteilung im Sch\u00fctzenhaus in Schierhorn. Bei bester Stimmung, hervorragendem Essen und sehr guter Beteiligung trotzten die Damen dem drau\u00dfen herrschenden grauen und tristen Aprilwetter. <strong>Birgit, vielen Dank f\u00fcr den tollen Vormittag mit Dir und Deiner Crew.<\/strong><\/p>\n\n\n\n<p>Um 14 Uhr war der offizielle Startschuss f\u00fcr das diesj\u00e4hrige Anschie\u00dfen aller Mitglieder des Vereins.<\/p>\n\n\n\n<p>Bei jeder Menge Kuchen, Torte, Kaffee und S\u00fc\u00dfigkeiten haben es sich alle gutgehen lassen und einen sch\u00f6nen Nachmittag zusammen verbracht. <\/p>\n\n\n\n<p>Wie bereits beim Schlussschie\u00dfen in 2022 gab es ebenfalls wieder einen spannenden Dreikampf um die K\u00f6nigsw\u00fcrde. Dieser wurde zwischen Mandy Best, Petra Thei\u00dfen und Andrea E. Niehaus ausgefochten. Nachdem Petra Thei\u00dfen den halben Rumpf h\u00e4ngen lie\u00df, setze dann Andrea E. Niehaus den perfekten Schuss nach und wurde somit neue Damenk\u00f6nigin 2023\/2024. Sie konnte es erst gar nicht fassen, da Sie spontan und aus dem Baugef\u00fchl heraus entschieden hatte, auf den Rumpf mitzuschie\u00dfen. Sie freut sich mit Ihren Adjutantinnen\u00a0Lisa Schoedel, Theresa Bartsch und Tatjana Borowi auf ein sch\u00f6nes, aufregendes und tolles gemeinsames Jahr als Damenk\u00f6nigin.\u00a0<\/p>\n\n\n\n<figure class=\"wp-block-image size-large\"><img loading=\"lazy\" decoding=\"async\" width=\"1024\" height=\"768\" src=\"http:\/\/schuetzen.schierhorn-nordheide.de\/wp-content\/uploads\/2023\/04\/62b7be78-5b6b-465c-aa55-7322d6364599-1024x768.jpg\" alt=\"\" class=\"wp-image-1904\" srcset=\"http:\/\/schuetzen.schierhorn-nordheide.de\/wp-content\/uploads\/2023\/04\/62b7be78-5b6b-465c-aa55-7322d6364599-1024x768.jpg 1024w, http:\/\/schuetzen.schierhorn-nordheide.de\/wp-content\/uploads\/2023\/04\/62b7be78-5b6b-465c-aa55-7322d6364599-300x225.jpg 300w, http:\/\/schuetzen.schierhorn-nordheide.de\/wp-content\/uploads\/2023\/04\/62b7be78-5b6b-465c-aa55-7322d6364599-768x576.jpg 768w, http:\/\/schuetzen.schierhorn-nordheide.de\/wp-content\/uploads\/2023\/04\/62b7be78-5b6b-465c-aa55-7322d6364599-1536x1152.jpg 1536w, http:\/\/schuetzen.schierhorn-nordheide.de\/wp-content\/uploads\/2023\/04\/62b7be78-5b6b-465c-aa55-7322d6364599-350x263.jpg 350w, http:\/\/schuetzen.schierhorn-nordheide.de\/wp-content\/uploads\/2023\/04\/62b7be78-5b6b-465c-aa55-7322d6364599-780x586.jpg 780w, http:\/\/schuetzen.schierhorn-nordheide.de\/wp-content\/uploads\/2023\/04\/62b7be78-5b6b-465c-aa55-7322d6364599-250x188.jpg 250w, http:\/\/schuetzen.schierhorn-nordheide.de\/wp-content\/uploads\/2023\/04\/62b7be78-5b6b-465c-aa55-7322d6364599.jpg 1600w\" sizes=\"auto, (max-width: 1024px) 100vw, 1024px\" \/><\/figure>\n\n\n\n<p><\/p>\n\n\n\n<figure class=\"wp-block-image size-large\"><img loading=\"lazy\" decoding=\"async\" width=\"1024\" height=\"768\" src=\"http:\/\/schuetzen.schierhorn-nordheide.de\/wp-content\/uploads\/2023\/04\/13bfb5c4-373f-4cef-81b2-112107b3bdb9-1024x768.jpg\" alt=\"\" class=\"wp-image-1905\" srcset=\"http:\/\/schuetzen.schierhorn-nordheide.de\/wp-content\/uploads\/2023\/04\/13bfb5c4-373f-4cef-81b2-112107b3bdb9-1024x768.jpg 1024w, http:\/\/schuetzen.schierhorn-nordheide.de\/wp-content\/uploads\/2023\/04\/13bfb5c4-373f-4cef-81b2-112107b3bdb9-300x225.jpg 300w, http:\/\/schuetzen.schierhorn-nordheide.de\/wp-content\/uploads\/2023\/04\/13bfb5c4-373f-4cef-81b2-112107b3bdb9-768x576.jpg 768w, http:\/\/schuetzen.schierhorn-nordheide.de\/wp-content\/uploads\/2023\/04\/13bfb5c4-373f-4cef-81b2-112107b3bdb9-1536x1152.jpg 1536w, http:\/\/schuetzen.schierhorn-nordheide.de\/wp-content\/uploads\/2023\/04\/13bfb5c4-373f-4cef-81b2-112107b3bdb9-350x263.jpg 350w, http:\/\/schuetzen.schierhorn-nordheide.de\/wp-content\/uploads\/2023\/04\/13bfb5c4-373f-4cef-81b2-112107b3bdb9-780x586.jpg 780w, http:\/\/schuetzen.schierhorn-nordheide.de\/wp-content\/uploads\/2023\/04\/13bfb5c4-373f-4cef-81b2-112107b3bdb9-250x188.jpg 250w, http:\/\/schuetzen.schierhorn-nordheide.de\/wp-content\/uploads\/2023\/04\/13bfb5c4-373f-4cef-81b2-112107b3bdb9.jpg 1600w\" sizes=\"auto, (max-width: 1024px) 100vw, 1024px\" \/><\/figure>\n\n\n\n<p><\/p>\n\n\n\n<p><\/p>\n\n\n\n<p><strong>Ergebnisse: <\/strong><\/p>\n\n\n\n<figure class=\"wp-block-table\"><table><tbody><tr><td><strong>Ehrenscheibe der Damenk\u00f6nigin\u00a0<\/strong><\/td><td>&nbsp;<\/td><td>Carsten Henk<\/td><\/tr><tr><td><strong>Winterorden<\/strong><\/td><td>&nbsp;<\/td><td>Renate Kr\u00f6ger<\/td><\/tr><tr><td><strong>Mettwurstk\u00f6nigin<\/strong><\/td><td>&nbsp;<\/td><td>Julia Scaturro<\/td><\/tr><tr><td>&nbsp;<\/td><td>&nbsp;<\/td><td>&nbsp;<\/td><\/tr><tr><td><strong>Preisschie\u00dfen\u00a0<\/strong><\/td><td>&nbsp;<\/td><td>&nbsp;<\/td><\/tr><tr><td><strong>Luftgewehr Jugend<\/strong><\/td><td>1. Platz<\/td><td>Jannes Henck<\/td><\/tr><tr><td>&nbsp;<\/td><td>2. Platz<\/td><td>Leo Best<\/td><\/tr><tr><td>&nbsp;<\/td><td>3. Platz<\/td><td>Sean-Paul Binder<\/td><\/tr><tr><td>&nbsp;<\/td><td>&nbsp;<\/td><td>&nbsp;<\/td><\/tr><tr><td><strong>Luftgewehr Sch\u00fctzen<\/strong><\/td><td>1. Platz<\/td><td>&nbsp;<\/td><\/tr><tr><td>&nbsp;<\/td><td>2. Plaz<\/td><td>&nbsp;<\/td><\/tr><tr><td>&nbsp;<\/td><td>3. Platz<\/td><td>&nbsp;<\/td><\/tr><tr><td>&nbsp;<\/td><td>&nbsp;<\/td><td>&nbsp;<\/td><\/tr><tr><td><strong>Kleinkaliber Sch\u00fctzen<\/strong><\/td><td>1. Platz<\/td><td>Carsten Henk<\/td><\/tr><tr><td>&nbsp;<\/td><td>2. Platz<\/td><td>Sebastian Fehling<\/td><\/tr><tr><td>&nbsp;<\/td><td>3. Platz<\/td><td>Ralf Jankowski<\/td><\/tr><tr><td>&nbsp;<\/td><td>&nbsp;<\/td><td>&nbsp;<\/td><\/tr><tr><td><strong>Vogelschie\u00dfen der Damen<\/strong><\/td><td>&nbsp;<\/td><td>&nbsp;<\/td><\/tr><tr><td><strong>Kopf<\/strong><\/td><td>&nbsp;<\/td><td>Petra Thei\u00dfen<\/td><\/tr><tr><td><strong>Schwanz<\/strong><\/td><td>&nbsp;<\/td><td>Theresa Bartsch<\/td><\/tr><tr><td><strong>linker Fl\u00fcgel<\/strong><\/td><td>&nbsp;<\/td><td>Lisa Schoedel<\/td><\/tr><tr><td><strong>rechter Fl\u00fcgel<\/strong><\/td><td>&nbsp;<\/td><td>Andrea E. Niehaus<\/td><\/tr><tr><td><strong>Rumpf<\/strong><\/td><td>&nbsp;<\/td><td>Andrea E. Niehaus&nbsp;<\/td><\/tr><tr><td>&nbsp;<\/td><td>&nbsp;<\/td><td>&nbsp;<\/td><\/tr><tr><td><strong>Vereinsmeisterschaft 2023<\/strong><\/td><td>&nbsp;<\/td><td>&nbsp;<\/td><\/tr><tr><td>&nbsp;<\/td><td>&nbsp;<\/td><td>&nbsp;<\/td><\/tr><tr><td><strong>Auflage<\/strong><\/td><td>Damen<\/td><td>Lisa Schoedel<\/td><\/tr><tr><td>&nbsp;<\/td><td>Damen Alt<\/td><td>Julia Scaturro<\/td><\/tr><tr><td>&nbsp;<\/td><td>Senior A<\/td><td>Birgit Henk<\/td><\/tr><tr><td>&nbsp;<\/td><td>Senior B<\/td><td>Kersten Podewitz<\/td><\/tr><tr><td>&nbsp;<\/td><td>&nbsp;<\/td><td>&nbsp;<\/td><\/tr><tr><td><strong>Freihand<\/strong><\/td><td>Damen<\/td><td>Lisa Schoedel<\/td><\/tr><tr><td>&nbsp;<\/td><td>Damen Alt<\/td><td>Andrea E. Niehaus&nbsp;<\/td><\/tr><tr><td>&nbsp;<\/td><td>Senior A<\/td><td>Birgit Henk&nbsp;<\/td><\/tr><\/tbody><\/table><\/figure>\n","protected":false},"excerpt":{"rendered":"<p>Der Tag begann mit der Einladung der amtierenden Damenk\u00f6nigin Birgit Henk zum gemeinsamen Mittagessen um 11:30 Uhr der Damenabteilung im Sch\u00fctzenhaus in Schierhorn. Bei bester <a class=\"more-link\" href=\"http:\/\/schuetzen.schierhorn-nordheide.de\/?page_id=1902\">weiterlesen&#8230;<\/a><\/p>\n","protected":false},"author":1,"featured_media":1905,"parent":0,"menu_order":0,"comment_status":"closed","ping_status":"closed","template":"","meta":{"footnotes":""},"class_list":["post-1902","page","type-page","status-publish","has-post-thumbnail","hentry"],"_links":{"self":[{"href":"http:\/\/schuetzen.schierhorn-nordheide.de\/index.php?rest_route=\/wp\/v2\/pages\/1902","targetHints":{"allow":["GET"]}}],"collection":[{"href":"http:\/\/schuetzen.schierhorn-nordheide.de\/index.php?rest_route=\/wp\/v2\/pages"}],"about":[{"href":"http:\/\/schuetzen.schierhorn-nordheide.de\/index.php?rest_route=\/wp\/v2\/types\/page"}],"author":[{"embeddable":true,"href":"http:\/\/schuetzen.schierhorn-nordheide.de\/index.php?rest_route=\/wp\/v2\/users\/1"}],"replies":[{"embeddable":true,"href":"http:\/\/schuetzen.schierhorn-nordheide.de\/index.php?rest_route=%2Fwp%2Fv2%2Fcomments&post=1902"}],"version-history":[{"count":5,"href":"http:\/\/schuetzen.schierhorn-nordheide.de\/index.php?rest_route=\/wp\/v2\/pages\/1902\/revisions"}],"predecessor-version":[{"id":1909,"href":"http:\/\/schuetzen.schierhorn-nordheide.de\/index.php?rest_route=\/wp\/v2\/pages\/1902\/revisions\/1909"}],"wp:featuredmedia":[{"embeddable":true,"href":"http:\/\/schuetzen.schierhorn-nordheide.de\/index.php?rest_route=\/wp\/v2\/media\/1905"}],"wp:attachment":[{"href":"http:\/\/schuetzen.schierhorn-nordheide.de\/index.php?rest_route=%2Fwp%2Fv2%2Fmedia&parent=1902"}],"curies":[{"name":"wp","href":"https:\/\/api.w.org\/{rel}","templated":true}]}}